{"id":2273,"date":"2022-06-27T11:07:35","date_gmt":"2022-06-27T09:07:35","guid":{"rendered":"https:\/\/www.comune.santacristinaebissone.pv.it\/web\/?page_id=2273"},"modified":"2022-08-30T10:26:21","modified_gmt":"2022-08-30T08:26:21","slug":"associazioni","status":"publish","type":"page","link":"https:\/\/www.comune.santacristinaebissone.pv.it\/web\/associazioni\/","title":{"rendered":"Associazioni"},"content":{"rendered":"<div class=\"row row-collapse row-full-width align-equal\"  id=\"row-1934975605\">\n\n\n\t<div id=\"col-2097663234\" class=\"col medium-4 small-12 large-2\"  >\n\t\t\t\t<div class=\"col-inner text-center dark\" style=\"background-color:rgb(242, 66, 54);\" >\n\t\t\t\n\t\t\t\n\n\n\t<a class=\"plain\" href=\"https:\/\/www.comune.santacristinaebissone.pv.it\/web\/amministrazione\/\"  >\t<div class=\"icon-box featured-box icon-box-center text-center\"  >\n\t\t\t\t\t<div class=\"icon-box-img\" style=\"width: 55px\">\n\t\t\t\t<div class=\"icon\">\n\t\t\t\t\t<div class=\"icon-inner\" >\n\t\t\t\t\t\t<img width=\"300\" height=\"300\" src=\"https:\/\/www.comune.santacristinaebissone.pv.it\/web\/wp-content\/uploads\/2022\/01\/comune-santa-cristina-e-bissone-icon-amministrazione.svg\" class=\"attachment-medium size-medium\" alt=\"comune santa cristina e bissone icon amministrazione\" loading=\"lazy\" \/>\t\t\t\t\t<\/div>\n\t\t\t\t<\/div>\n\t\t\t<\/div>\n\t\t\t\t<div class=\"icon-box-text last-reset\">\n\t\t\t\t\t\t\t\t\t\n\n<h3>L'Amministrazione<\/h3>\n\n\t\t<\/div>\n\t<\/div>\n\t<\/a>\n\t\n\n\t\t<\/div>\n\t\t\t\t\n<style>\n#col-2097663234 > .col-inner {\n  padding: 20px 0px 20px 0px;\n}\n<\/style>\n\t<\/div>\n\n\t\n\n\t<div id=\"col-153305987\" class=\"col medium-4 small-12 large-2\"  >\n\t\t\t\t<div class=\"col-inner text-center dark\" style=\"background-color:rgb(7, 121, 228);\" >\n\t\t\t\n\t\t\t\n\n\n\t<a class=\"plain\" href=\"https:\/\/www.comune.santacristinaebissone.pv.it\/web\/uffici-e-servizi\/\"  >\t<div class=\"icon-box featured-box icon-box-center text-center\"  >\n\t\t\t\t\t<div class=\"icon-box-img\" style=\"width: 45px\">\n\t\t\t\t<div class=\"icon\">\n\t\t\t\t\t<div class=\"icon-inner\" >\n\t\t\t\t\t\t<svg xmlns=\"http:\/\/www.w3.org\/2000\/svg\" width=\"39.92\" height=\"40\" viewBox=\"0 0 39.92 40\"><g transform=\"translate(-4.984 -5)\"><g transform=\"translate(4.997 5)\"><rect width=\"39.908\" height=\"39.908\" fill=\"none\"\/><\/g><g transform=\"translate(4.984 5)\"><path d=\"M43.627,29.367a3.413,3.413,0,0,0-4.789.319l-3.432,3.671a3.521,3.521,0,0,0-3.352-2.474H25.908c-.479,0-.639-.16-1.437-.8a8.148,8.148,0,0,0-10.775,0l-2.235,2a3.249,3.249,0,0,0-3.193,0L5.635,33.358a1.271,1.271,0,0,0-.559,1.6L12.1,49a1.271,1.271,0,0,0,1.6.559l2.554-1.277a3.412,3.412,0,0,0,1.916-3.272H31.974a8.128,8.128,0,0,0,6.545-3.272l5.587-7.5A3.425,3.425,0,0,0,43.627,29.367ZM36.683,40.222l5.587-7.5a1.22,1.22,0,0,0-.16-1.6,1.234,1.234,0,0,0-1.676.08L35.406,36.79a3.443,3.443,0,0,1-2.554,1.117H26.068a1.2,1.2,0,1,1,0-2.394h5.986a1.2,1.2,0,0,0,0-2.394H25.908a4.167,4.167,0,0,1-2.953-1.357,5.933,5.933,0,0,0-7.742,0l-2.235,1.916,4.39,8.78H31.974A5.511,5.511,0,0,0,36.683,40.222Zm-21.47,5.826-1.516.8L7.711,34.874l1.516-.8a1.153,1.153,0,0,1,1.6.559l4.949,9.817A1.134,1.134,0,0,1,15.213,46.048Z\" transform=\"translate(-4.984 -9.653)\" fill=\"#009de0\" fill-rule=\"evenodd\"\/><path d=\"M33.136,12.982A4.743,4.743,0,0,0,29.7,5a4.855,4.855,0,0,0-4.789,4.789,4.8,4.8,0,0,0,1.357,3.272A7.119,7.119,0,0,0,22.6,19.287v1.2a1.228,1.228,0,0,0,1.2,1.2H35.53a1.228,1.228,0,0,0,1.2-1.2v-1.2A7.021,7.021,0,0,0,33.136,12.982ZM29.783,7.315A2.386,2.386,0,0,1,32.1,9.709a2.316,2.316,0,0,1-2.315,2.315,2.355,2.355,0,1,1,0-4.709Zm0,7.1a4.855,4.855,0,0,0-4.789,4.789h9.418A4.72,4.72,0,0,0,29.783,14.418Z\" transform=\"translate(-8.54 -5)\" fill=\"#009de0\" fill-rule=\"evenodd\"\/><\/g><\/g><\/svg>\t\t\t\t\t<\/div>\n\t\t\t\t<\/div>\n\t\t\t<\/div>\n\t\t\t\t<div class=\"icon-box-text last-reset\">\n\t\t\t\t\t\t\t\t\t\n\n<h3>Uffici & Servizi<\/h3>\n\n\t\t<\/div>\n\t<\/div>\n\t<\/a>\n\t\n\n\t\t<\/div>\n\t\t\t\t\n<style>\n#col-153305987 > .col-inner {\n  padding: 20px 0px 20px 0px;\n}\n<\/style>\n\t<\/div>\n\n\t\n\n\t<div id=\"col-127232570\" class=\"col medium-4 small-12 large-2\"  >\n\t\t\t\t<div class=\"col-inner text-center\" style=\"background-color:rgb(255, 236, 1);\" >\n\t\t\t\n\t\t\t\n\n\n\t<a class=\"plain\" href=\"https:\/\/www.comune.santacristinaebissone.pv.it\/web\/servizi-online\/\"  >\t<div class=\"icon-box featured-box icon-box-center text-center\"  >\n\t\t\t\t\t<div class=\"icon-box-img\" style=\"width: 50px\">\n\t\t\t\t<div class=\"icon\">\n\t\t\t\t\t<div class=\"icon-inner\" >\n\t\t\t\t\t\t<img width=\"300\" height=\"300\" src=\"https:\/\/www.comune.santacristinaebissone.pv.it\/web\/wp-content\/uploads\/2022\/01\/comune-santa-cristina-e-bissone-icon-servizi-online.svg\" class=\"attachment-medium size-medium\" alt=\"comune santa cristina e bissone icon servizi online\" loading=\"lazy\" \/>\t\t\t\t\t<\/div>\n\t\t\t\t<\/div>\n\t\t\t<\/div>\n\t\t\t\t<div class=\"icon-box-text last-reset\">\n\t\t\t\t\t\t\t\t\t\n\n<h3>Servizi Online<\/h3>\n\n\t\t<\/div>\n\t<\/div>\n\t<\/a>\n\t\n\n\t\t<\/div>\n\t\t\t\t\n<style>\n#col-127232570 > .col-inner {\n  padding: 20px 0px 20px 0px;\n}\n<\/style>\n\t<\/div>\n\n\t\n\n\t<div id=\"col-99540891\" class=\"col medium-4 small-12 large-2\"  >\n\t\t\t\t<div class=\"col-inner text-center dark\" style=\"background-color:rgb(5, 199, 147);\" >\n\t\t\t\n\t\t\t\n\n\n\t<a class=\"plain\" href=\"https:\/\/www.comune.santacristinaebissone.pv.it\/web\/vivere-il-comune\/\"  >\t<div class=\"icon-box featured-box icon-box-center text-center\"  >\n\t\t\t\t\t<div class=\"icon-box-img\" style=\"width: 55px\">\n\t\t\t\t<div class=\"icon\">\n\t\t\t\t\t<div class=\"icon-inner\" >\n\t\t\t\t\t\t<img width=\"300\" height=\"300\" src=\"https:\/\/www.comune.santacristinaebissone.pv.it\/web\/wp-content\/uploads\/2022\/01\/comune-santa-cristina-e-bissone-icon-vivere-il-comune.svg\" class=\"attachment-medium size-medium\" alt=\"comune santa cristina e bissone icon vivere il comune\" loading=\"lazy\" \/>\t\t\t\t\t<\/div>\n\t\t\t\t<\/div>\n\t\t\t<\/div>\n\t\t\t\t<div class=\"icon-box-text last-reset\">\n\t\t\t\t\t\t\t\t\t\n\n<h3>Vivere il Comune<\/h3>\n\n\t\t<\/div>\n\t<\/div>\n\t<\/a>\n\t\n\n\t\t<\/div>\n\t\t\t\t\n<style>\n#col-99540891 > .col-inner {\n  padding: 20px 0px 20px 0px;\n}\n<\/style>\n\t<\/div>\n\n\t\n\n\t<div id=\"col-1740546511\" class=\"col medium-4 small-12 large-2\"  >\n\t\t\t\t<div class=\"col-inner dark\" style=\"background-color:rgb(52, 62, 61);\" >\n\t\t\t\n\t\t\t\n\n\n\t<a class=\"plain\" href=\"https:\/\/www.comune.santacristinaebissone.pv.it\/web\/news\/\"  >\t<div class=\"icon-box featured-box icon-box-center text-center\"  >\n\t\t\t\t\t<div class=\"icon-box-img\" style=\"width: 55px\">\n\t\t\t\t<div class=\"icon\">\n\t\t\t\t\t<div class=\"icon-inner\" >\n\t\t\t\t\t\t<img width=\"300\" height=\"300\" src=\"https:\/\/www.comune.santacristinaebissone.pv.it\/web\/wp-content\/uploads\/2022\/01\/comune-santa-cristina-e-bissone-icon-news.svg\" class=\"attachment-medium size-medium\" alt=\"comune santa cristina e bissone icon news\" loading=\"lazy\" \/>\t\t\t\t\t<\/div>\n\t\t\t\t<\/div>\n\t\t\t<\/div>\n\t\t\t\t<div class=\"icon-box-text last-reset\">\n\t\t\t\t\t\t\t\t\t\n\n<h3>News & Eventi<\/h3>\n\n\t\t<\/div>\n\t<\/div>\n\t<\/a>\n\t\n\n\t\t<\/div>\n\t\t\t\t\n<style>\n#col-1740546511 > .col-inner {\n  padding: 20px 0px 20px 0px;\n}\n<\/style>\n\t<\/div>\n\n\t\n\n\t<div id=\"col-1357893577\" class=\"col medium-4 small-12 large-2\"  >\n\t\t\t\t<div class=\"col-inner text-center\" style=\"background-color:rgb(153, 168, 178);\" >\n\t\t\t\n\t\t\t\n\n\n\t<a class=\"plain\" href=\"https:\/\/www.comune.santacristinaebissone.pv.it\/web\/contatti\/\"  >\t<div class=\"icon-box featured-box icon-box-center text-center\"  >\n\t\t\t\t\t<div class=\"icon-box-img\" style=\"width: 40px\">\n\t\t\t\t<div class=\"icon\">\n\t\t\t\t\t<div class=\"icon-inner\" >\n\t\t\t\t\t\t<img width=\"300\" height=\"300\" src=\"https:\/\/www.comune.santacristinaebissone.pv.it\/web\/wp-content\/uploads\/2022\/01\/comune-santa-cristina-e-bissone-icon-contatti.svg\" class=\"attachment-medium size-medium\" alt=\"comune santa cristina e bissone icon contatti\" loading=\"lazy\" \/>\t\t\t\t\t<\/div>\n\t\t\t\t<\/div>\n\t\t\t<\/div>\n\t\t\t\t<div class=\"icon-box-text last-reset\">\n\t\t\t\t\t\t\t\t\t\n\n<h3>Contatti<\/h3>\n\n\t\t<\/div>\n\t<\/div>\n\t<\/a>\n\t\n\n\t\t<\/div>\n\t\t\t\t\n<style>\n#col-1357893577 > .col-inner {\n  padding: 20px 0px 20px 0px;\n}\n<\/style>\n\t<\/div>\n\n\t\n\n<\/div>\n\n  <div class=\"banner has-hover\" id=\"banner-613001758\">\n          <div class=\"banner-inner fill\">\n        <div class=\"banner-bg fill\" >\n            <div class=\"bg fill bg-fill \"><\/div>\n                                    \n                    <\/div>\n\t\t\n        <div class=\"banner-layers container\">\n            <div class=\"fill banner-link\"><\/div>            \n        <\/div>\n      <\/div>\n\n            \n<style>\n#banner-613001758 {\n  padding-top: 300px;\n}\n#banner-613001758 .bg.bg-loaded {\n  background-image: url(https:\/\/www.comune.santacristinaebissone.pv.it\/web\/wp-content\/uploads\/2022\/06\/Comune-di-Santa-Cristina-e-Bissone-Associazioni.jpg);\n}\n#banner-613001758 .bg {\n  background-position: 45% 51%;\n}\n#banner-613001758 .ux-shape-divider--top svg {\n  height: 150px;\n  --divider-top-width: 100%;\n}\n#banner-613001758 .ux-shape-divider--bottom svg {\n  height: 150px;\n  --divider-width: 100%;\n}\n@media (min-width:850px) {\n  #banner-613001758 {\n    padding-top: 500px;\n  }\n}\n<\/style>\n  <\/div>\n\n\n\t<section class=\"section\" id=\"section_1945853438\">\n\t\t<div class=\"bg section-bg fill bg-fill  bg-loaded\" >\n\n\t\t\t\n\t\t\t\n\t\t\t\n\n\t\t<\/div>\n\n\t\t\n\n\t\t<div class=\"section-content relative\">\n\t\t\t\n<div class=\"row\"  id=\"row-2014382278\">\n\n\t<div id=\"col-1641146146\" class=\"col small-12 large-12\"  >\n\t\t\t\t<div class=\"col-inner\"  >\n\t\t\t\n\t\t\t\n\t<div id=\"text-1333326777\" class=\"text\">\n\t\t\n<p><span class=\"online\"><a class=\"green\" href=\"https:\/\/www.comune.santacristinaebissone.pv.it\/web\/\">Home &gt;<\/a> <a class=\"green\" href=\"https:\/\/www.comune.santacristinaebissone.pv.it\/web\/vivere-il-comune\/\">Vivere il Comune &gt;<\/a><\/span><span class=\"uffici\"> Associazioni<\/span><\/p>\n<h1>Associazioni<\/h1>\n\t\t\n<style>\n#text-1333326777 {\n  font-size: 1.5rem;\n}\n<\/style>\n\t<\/div>\n\t\n\t<div id=\"gap-492649206\" class=\"gap-element clearfix\" style=\"display:block; height:auto;\">\n\t\t\n<style>\n#gap-492649206 {\n  padding-top: 30px;\n}\n<\/style>\n\t<\/div>\n\t\n<p><strong>AMICI DELLA MUSICA E DELL&#8217;ARTE<\/strong><br \/>Associazione nata per diffondere la cultura musicale ed artistica, \u00e8 attiva ormai da 15 anni e conta un notevole numero di aderenti in molti paesi della nostra zona. L&#8217;associazione frequenta grandi teatri d&#8217;opera e di prosa cos\u00ec come gallerie e musei. L&#8217;Associazione organizza anche molteplici viaggi in Italia ed all&#8217;Estero per l&#8217;arricchimento culturale dei propri iscritti ed estimatori.<\/p>\n<p>Per informazioni sig. Gianni Zoppetti telefono 0382 720196.<br \/><a href=\"http:\/\/www.assomusicasantacristina.it\/\" target=\"_blank\" rel=\"noopener\">http:\/\/www.assomusicasantacristina.it\/<\/a><\/p>\n<p><strong>ATLETICA DEL PO<\/strong><br \/>Associazione sportiva, attiva in campionati di calcio di varie categorie. Scuola calcio e promozione dello sport.<\/p>\n<p>Per informazioni sig. Angelo Colantoni 0382 70858<br \/><a href=\"http:\/\/www.atleticadelpo.it\" target=\"_blank\" rel=\"noopener\">http:\/\/www.atleticadelpo.it<\/a><\/p>\n<p><strong>GRUPPO PODISTICO S. CRISTINESE<\/strong><br \/>MANIFESTAZIONI LUDICHE MOTORIE &#8220;APERTE A TUTTI&#8221;. Percorsi con chilometraggio vario. Non solo corse organizzate ma anche camminate e chiacchiere in compagnia, in mezzo alla natura riscoprendo i percorsi del nostro territorio.<\/p>\n<p>Per informazioni:<br \/><a href=\"https:\/\/www.facebook.com\/GruppoPodisticoSCristinese2011\" target=\"_blank\" rel=\"noopener\">facebook.com\/GruppoPodisticoSCristinese2011<\/a><\/p>\n<p><strong>ASSOCIAZIONE \u201cPICCOLO CORO MULTIETNICO \u2013 LE VOCI DELLA PACE \u2013 JACOPO VIALONI\u201d<\/strong><br \/>E&#8217; una \u201crisorsa sociale\u201d che unisce soggetti diversi del nostro territorio e che opera per tre funzioni specifiche:<\/p>\n<ol>\n<li>diffondere i valori e la cultura della Pace: promuovendo e partecipando ad eventi, mostre, spettacoli avendo come protagonisti i bambini\/e e ragazzi;<\/li>\n<li>realizzare attivit\u00e0 varie: in Biblioteca il sabato mattina ma anche al Centro Sportivo Comunale; in collaborazione con il Centro Servizi Volontariato, l&#8217;Unicef, il Centro Migrantes Benedetto XVI ed altri soggetti ancora;<\/li>\n<li>quindi \u201cfare integrazione\u201d sociale cominciando proprio dai pi\u00f9 piccoli \u2013 italiani e stranieri al di l\u00e0 della fede religiosa, in modo sano, protetto e giocoso.<\/li>\n<\/ol>\n<p>L&#8217;attivit\u00e0 \u00e8 aperta a tutti perch\u00e8 chiunque pu\u00f2 essere protagonista della Solidariet\u00e0 e della Pace: disegnando, creando, cantando, ballando, recitando, giocando&#8230;<\/p>\n<p>Il referente \u00e8 il sig. Massimo Cavalieri, Via Vittorio Veneto 26\/b 27010 Santa Cristina e Bissone (PV) per informazioni: 3391294771<\/p>\n<p><strong>CORALE DON BACCI<\/strong><br \/>Corale fondata dal compianto M.o Gianni Sangermani \u00e8 attiva presso la Parrocchia di Santa Cristina e Bissone. La denominazione ricorda Don Antonio Bacci, parroco di S.Cristina (1928-1958) e musicista di notevole sensibilit\u00e0.<\/p>\n<p>Per informazioni: Parrocchia di Santa Cristina e San Bartolomeo Apostolo tel. 0382-70116<\/p>\n<p><strong>GIRASOLI<\/strong><br \/>Gruppo attivo in paese, si occupa principalmente, di concerto con l&#8217;Amministrazione Comunale, del trasporto di cittadini presso le strutture sanitarie per prelievi e visite di controllo.<\/p>\n<p>Per informazioni Municipio 0382 70121<\/p>\n<p><strong>GRUPPO VIA FRANCIGENA<\/strong><br \/>Di recentissima formazione ha lo scopo di valorizzare la Via Francigena sul territorio comunale (XL tappa di Sigerico) affiancando lo specifico Assessorato creato dall&#8217;attuale Amministrazione Comunale. Costituito da santacristinesi appassionati di storia locale si riunisce presso il municipio.<\/p>\n<p>Per informazioni 0382 70121.<br \/>info per pellegrini: <a href=\"http:\/\/www.parrocchiasantacristinaebissone.it\/pellegrini.html\" target=\"_blank\" rel=\"noopener\">parrocchiasantacristinaebissone.it\/pellegrini.html<\/a><\/p>\n<p><strong>GRUPPO VOCALE CANTARPREGANDO<\/strong><br \/>Il Gruppo vocale nacque nel 2002 da un \u2018idea di un gruppo di amici di Bissone che svolgevano gi\u00e0 da alcuni anni un\u2019attivit\u00e0 di servizio alla liturgia con il canto e come lettori e animatori. Nell\u2019anno 2002 si verific\u00f2 una grave tragedia :il crollo della scuola di San Giuliano; in seguito a questo triste evento si susseguirono varie iniziative per raccogliere fondi e per esprimere solidariet\u00e0 alle famiglie dei bambini che persero la vita nel crollo e, anche a Bissone, si volle contribuire. Prese vita cos\u00ec l\u2019idea di organizzare il concerto \u201cNoi per voi\u201d . Il gruppo di cantori si diede un nome appunto in questa occasione, ispirandosi alla famosa frase di S Agostino :\u201d chi canta prega due volte\u201d;il nome piacque a tutti i componenti perch\u00e9 esprimeva esattamente il senso del loro impegno. Il gruppo vocale in questi anni ha cercato, nello studio di nuovi brani, la sua crescita musicale e interiore ,questo ha prodotto sempre una maggiore consapevolezza del ruolo assunto . Nel 2006, in occasione dell\u2019inaugurazione dei restauri alla chiesa di S Bartolomeo ha tenuto un concerto nella chiesa di Bissone alla presenza di sua Eccellenza Giovanni Giudici Vescovo di Pavia. Nel 2007, Sua Eccellenza il Vescovo di Pavia ha invitato il Gruppo vocale \u201cCantarpregando\u201d ad animare, come coro-guida, la Messa Pontificale di S Siro, patrono di Pavia, che si \u00e8 svolta il 10 dicembre nella cattedrale di Santa Maria del Carmine. In seguito a questa esperienza il gruppo \u00e8 stato convocato per la Messa Pontificale della mattina del Santo Natale e la Messa vespertina del capodanno, sempre nella cattedrale del Carmine. E\u2019 ormai consueta la presenza alle messe celebrate da sua Eccellenza il Vescovo che invita il gruppo a partecipare alle solennit\u00e0 da lui presiedute . Dal 2008 il gruppo vocale collabora con il Quartetto di Lodi,una formazione di strumenti ad arco composta da giovani ma preparati strumentisti , che suonano in gruppo da anni . Insieme hanno prodotto concerti ed elevazioni musicali per archi e coro. Il gruppo \u00e8 guidato dal Maestro Mario Galli diplomato al conservatorio G.Nicolini di Piacenza il Tromba e Canto.<\/p>\n<p>I componenti del gruppo vocale sono:<br \/>SOPRANI: Ferrato Maria Grazia, Garlaschelli Gabriella, Granata Roberta, Grugni Lidia, Morello Monica.<br \/>CONTRALTI: Granata Milena, Longhi Carla, Siviero Virna.<br \/>TENORI: Migliazza Luigi, Broglia Libero Giorgio.<br \/>BASSI: Grossi Elio, Longhi Alberto, Vitti Pierfrancesco.<br \/>DIRETTORE: Galli Mario.<\/p>\n<p>Per informazioni: Parrocchia di Santa Cristina e San Bartolomeo Apostolo tel. 0382-70116<\/p>\n<p><strong>GRUPPO COMUNALE PROTEZIONE CIVILE<\/strong><br \/>l gruppo comunale protezione civile di S. Cristina e Bissone nasce il 17\/7\/97 in attuazione alla legge n\u00b0 225\/92 in base alla quale i comuni devono dotarsi di un gruppo volontari protezione civile. I compiti istituzionale della protezione civile sono relativi a: PREVISIONE, PREVENZIONE,SOCCORSO,SUPERAMENTO DELL\u2019EMERGENZA.<\/p>\n<p>PREVISIONE<br \/>Consiste nell\u2019attivit\u00e0 diretta allo studio ed alla determinazione delle cause dei vari fenomeni calamitosi, alla identificazione dei rischi ed alla individuazione delle zone del territorio soggette ai rischi stessi.<\/p>\n<p>PREVENZIONE<br \/>Consiste nelle attivit\u00e0 volte ad evitare o ridurre al minimo la possibilit\u00e0 che si verifichino danni conseguenti agli eventi naturali o antropici, anche sulla base delle conoscenze acquisite per effetto delle attivit\u00e0 di previsione.<\/p>\n<p>SOCCORSO<br \/>Consiste nell\u2019attuazione degli interventi diretti ad assicurare alle popolazioni colpite dagli eventi, ogni forma di assistenza primaria.<\/p>\n<p>SUPERAMENTO DELL\u2019EMERGENZA<br \/>Consiste unicamente nell\u2019attuazione, coordinata con gli organi istituzionali competenti, delle iniziative necessarie e indilazionabili volte a rimuovere gli ostacoli della ripresa alle normali condizioni di vita. I volontari del Gruppo Comunale sono formati periodicamente dagli enti competenti mediante corsi formativi (corso base del volontario, corso di primo soccorso, corso comunicazione radio, corso per il supporto psicologico). Nell\u2019ambito della provincia di Pavia, S. Cristina \u00e8 sede COM (Centro Operativo Misto) ovvero in caso di emergenza coordina le attivit\u00e0 di protezione civile dei comuni che ne fanno parte. Attualmente i comuni che fanno parte del nostro C.O.M sono:<\/p>\n<ul>\n<li>COSTA DE NOBILI<\/li>\n<li>ZERBO<\/li>\n<li>PIEVE PORTO MORONE<\/li>\n<li>BADIA PAVESE<\/li>\n<li>MONTICELLI PAVESE<\/li>\n<li>CHIGNOLO PO<\/li>\n<li>MIRADOLO TERME<\/li>\n<li>INVERNO E MONTE LEONE<\/li>\n<li>VILLANTERIO<\/li>\n<\/ul>\n<p>Nel corso degli anni abbiamo acquisito competenze specifiche e le attrezzature necessarie a svolgere al meglio le nostre attivit\u00e0. A breve sar\u00e0 inaugurata la nuova sede che disporr\u00e0 di una \u201cmoderna\u201d sala radio per le trasmissioni tra il COM e i vari enti competenti. Il gruppo si sta specializzando in logistica e a tale scopo si doter\u00e0 di un software per la gestione campi che gli permetter\u00e0 di svolgere tutte quelle attivit\u00e0 di supporto e di organizzazione necessarie per il corretto funzionamento e coordinamento dei campi di accoglienza. Con delibera n. 37\/2009 \u00e8 stato approvato il nuovo regolamento del gruppo comunale, disponibile presso gli uffici comunali e visibile a tutti gli interessati che intendono iscriversi al gruppo comunale. Si diventa volontari compilando apposita domanda d\u2019iscrizione che prevede esplicita accettazione del regolamento in tutte le sue parti.<\/p>\n<p>Per informazioni: 0382 70121<\/p>\n<p><strong>OPERA PIA ADELE E ANDREA LAVEZZI<\/strong><br \/>Fondata nei primi anni 60 \u00e8 un Ente Morale attivo in paese. Gestisce una scuola dell&#8217;infanzia paritaria, nel 2006 ha inaugurato un Asilo nido per bimbi da 0 a 3 anni attualmente gestito dalla Cooperativa Arcobaleno di Pavia che accoglie fanciulli provenienti da tutta la Bassa.<\/p>\n<p>Per informazioni 0382 71193<\/p>\n<p><strong>PRO LOCO<\/strong><br \/>Rinata nel 2009 su spinta dell&#8217;attuale Amministrazione comunale si propone come associazione di riferimento per manifestazioni locali. Si \u00e8 presentata ufficialmente alla popolazione organizzando la \u201cFesta di San Martino\u201d e simulando la partenza dei salariati alla scadenza dei contratti con i fittavoli, successivamente \u00e8 stata promotrice del Cenone di Capodanno che ha raccolto pi\u00f9 di 100 iscrizioni. Il nuovo gruppo \u00e8 stato favorevolmente accolto dalla cittadinanza. Unitamente alla Parrocchia ha organizzato il carnevale santacristinese 2010. Presidente Sig. Pietro Del Redentore.<\/p>\n<p>Per informazioni: Municipio tel. 0382 70121<\/p>\n<p><strong>U.N.I.T.A.L.S.I<\/strong><br \/>Gruppo presente in paese da oltre 30 anni e affiliato all&#8217;U.N.I.T.A.L.S.I. provinciale si occupa di pellegrinaggi a Lourdes offre assistenza agli ammalati durante i pellegrinaggi.<\/p>\n<p>Per informazioni sig.ra Luciana Premuni telefono 0382 71054.<\/p>\n\t\t<\/div>\n\t\t\t\t\n<style>\n#col-1641146146 > .col-inner {\n  padding: 0px 10px 0px 10px;\n}\n@media (min-width:550px) {\n  #col-1641146146 > .col-inner {\n    padding: 0px 20px 0px 20px;\n  }\n}\n<\/style>\n\t<\/div>\n\n\t\n<\/div>\n\t\t<\/div>\n\n\t\t\n<style>\n#section_1945853438 {\n  padding-top: 30px;\n  padding-bottom: 30px;\n}\n#section_1945853438 .ux-shape-divider--top svg {\n  height: 150px;\n  --divider-top-width: 100%;\n}\n#section_1945853438 .ux-shape-divider--bottom svg {\n  height: 150px;\n  --divider-width: 100%;\n}\n@media (min-width:550px) {\n  #section_1945853438 {\n    padding-top: 40px;\n    padding-bottom: 40px;\n  }\n}\n@media (min-width:850px) {\n  #section_1945853438 {\n    padding-top: 30px;\n    padding-bottom: 30px;\n  }\n}\n<\/style>\n\t<\/section>\n\t\n","protected":false},"excerpt":{"rendered":"","protected":false},"author":1,"featured_media":0,"parent":0,"menu_order":0,"comment_status":"closed","ping_status":"closed","template":"page-blank.php","meta":{"inline_featured_image":false},"_links":{"self":[{"href":"https:\/\/www.comune.santacristinaebissone.pv.it\/web\/wp-json\/wp\/v2\/pages\/2273"}],"collection":[{"href":"https:\/\/www.comune.santacristinaebissone.pv.it\/web\/wp-json\/wp\/v2\/pages"}],"about":[{"href":"https:\/\/www.comune.santacristinaebissone.pv.it\/web\/wp-json\/wp\/v2\/types\/page"}],"author":[{"embeddable":true,"href":"https:\/\/www.comune.santacristinaebissone.pv.it\/web\/wp-json\/wp\/v2\/users\/1"}],"replies":[{"embeddable":true,"href":"https:\/\/www.comune.santacristinaebissone.pv.it\/web\/wp-json\/wp\/v2\/comments?post=2273"}],"version-history":[{"count":0,"href":"https:\/\/www.comune.santacristinaebissone.pv.it\/web\/wp-json\/wp\/v2\/pages\/2273\/revisions"}],"wp:attachment":[{"href":"https:\/\/www.comune.santacristinaebissone.pv.it\/web\/wp-json\/wp\/v2\/media?parent=2273"}],"curies":[{"name":"wp","href":"https:\/\/api.w.org\/{rel}","templated":true}]}}